{"id":2009,"date":"2016-11-02T22:12:52","date_gmt":"2016-11-02T21:12:52","guid":{"rendered":"http:\/\/www.trastevereattiva.org\/?page_id=2009"},"modified":"2016-12-02T10:30:18","modified_gmt":"2016-12-02T09:30:18","slug":"area-verde-piazza-san-cosimato-il-progetto","status":"publish","type":"page","link":"https:\/\/www.trastevereattiva.org\/index.php\/area-verde-piazza-san-cosimato-il-progetto\/","title":{"rendered":"Area verde piazza San Cosimato \u2013 IL PROGETTO"},"content":{"rendered":"<p><strong><span style=\"color: #ff0000;\">1) PREMESSA<\/span><\/strong><br \/>\nIl presente progetto di riqualificazione fa seguito alla adozione dell&#8217;area in oggetto effettuata presso<br \/>\nil Dipartimento Tutela Ambientale come da prot. n\u00b0 33391 del 14 giugno 2016.<\/p>\n<p><strong><span style=\"color: #ff0000;\">2) LA SITUAZIONE ATTUALE<\/span><\/strong><br \/>\nL&#8217;area verde \u00e8 da molti anni in stato di abbandono, con un impianti luci e irrigazioni danneggiati e completamente in disuso. E\u201f un luogo abitualmente frequentato da persone con cani che lo usano per le defecazioni canine, molto spesso senza rimuoverle.<\/p>\n<p><span style=\"color: #ff0000;\"><strong>3) IL PROGETTO<\/strong><\/span><\/p>\n<p>Questo progetto \u00e8 articolato in tre sezioni:<\/p>\n<p style=\"text-align: left; padding-left: 30px;\">3.1 Realizzazione<\/p>\n<p style=\"text-align: left; padding-left: 30px;\">3.2 Cura e manutenzione programmata<\/p>\n<p style=\"text-align: left; padding-left: 30px;\">3.3 Comunicazione, formazione e informazione civica<\/p>\n<p><span style=\"color: #ff0000;\"><strong>3.1 Realizzazione<\/strong><\/span><\/p>\n<p>L&#8217;esecuzione di quanto illustrato di seguito in questa sezione sar\u00e0 affidata alla societ\u00e0 il <strong><em>&#8220;Il Giardino Malandrino s.r.l.&#8221;<\/em><\/strong>, selezionata per la sua riconosciuta professionalit\u00e0.<\/p>\n<p><strong><span style=\"color: #000000;\">Relazione<\/span><\/strong><br \/>\nL&#8217;aiuola in oggetto misura circa 250 mq ed ha un disegno geometrico frutto della sistemazione della piazza avvenuto nel 2006. L&#8217;aiuola racchiude un lato dell&#8217;area giochi dei bambini ed \u00e8 ornata da, ancora, piccoli alberi (platano, ippocastano, pruno, ecc) ed alcuni arbusti ( oleandro, raphiolepis, photinia, viburno, ecc).<br \/>\nLa superficie \u00e8 coperta da cotica erboso naturale mal tenuto.<br \/>\nSul lato verso la facciata della Chiesa di S. Cosimato \u00e8 presente una pregevole fontana rappresentata da una bocca a stramazzo su pietra.<br \/>\nImpianto di luci ed irrigazione (al momento non funzionanti) completano il quadro descrittivo.<br \/>\nLa serie di fotografie di seguito inserite chiariscono la situazione ad oggi esistente.<\/p>\n<div id='gallery-1' class='gallery galleryid-2009 gallery-columns-2 gallery-size-large'><figure class='gallery-item'>\n\t\t\t<div class='gallery-icon portrait'>\n\t\t\t\t<a href='https:\/\/www.trastevereattiva.org\/wp-content\/uploads\/2016\/11\/Progetto-AREA-VERDE-San-Cosimato_9a_Pagina_05.jpg'><img loading=\"lazy\" decoding=\"async\" width=\"695\" height=\"1024\" src=\"https:\/\/www.trastevereattiva.org\/wp-content\/uploads\/2016\/11\/Progetto-AREA-VERDE-San-Cosimato_9a_Pagina_05-695x1024.jpg\" class=\"attachment-large size-large\" alt=\"\" srcset=\"https:\/\/www.trastevereattiva.org\/wp-content\/uploads\/2016\/11\/Progetto-AREA-VERDE-San-Cosimato_9a_Pagina_05-695x1024.jpg 695w, https:\/\/www.trastevereattiva.org\/wp-content\/uploads\/2016\/11\/Progetto-AREA-VERDE-San-Cosimato_9a_Pagina_05-204x300.jpg 204w, https:\/\/www.trastevereattiva.org\/wp-content\/uploads\/2016\/11\/Progetto-AREA-VERDE-San-Cosimato_9a_Pagina_05-768x1132.jpg 768w, https:\/\/www.trastevereattiva.org\/wp-content\/uploads\/2016\/11\/Progetto-AREA-VERDE-San-Cosimato_9a_Pagina_05.jpg 1122w\" sizes=\"(max-width: 695px) 100vw, 695px\" \/><\/a>\n\t\t\t<\/div><\/figure><figure class='gallery-item'>\n\t\t\t<div class='gallery-icon portrait'>\n\t\t\t\t<a href='https:\/\/www.trastevereattiva.org\/wp-content\/uploads\/2016\/11\/Progetto-AREA-VERDE-San-Cosimato_9a_Pagina_06.jpg'><img loading=\"lazy\" decoding=\"async\" width=\"695\" height=\"1024\" src=\"https:\/\/www.trastevereattiva.org\/wp-content\/uploads\/2016\/11\/Progetto-AREA-VERDE-San-Cosimato_9a_Pagina_06-695x1024.jpg\" class=\"attachment-large size-large\" alt=\"\" srcset=\"https:\/\/www.trastevereattiva.org\/wp-content\/uploads\/2016\/11\/Progetto-AREA-VERDE-San-Cosimato_9a_Pagina_06-695x1024.jpg 695w, https:\/\/www.trastevereattiva.org\/wp-content\/uploads\/2016\/11\/Progetto-AREA-VERDE-San-Cosimato_9a_Pagina_06-204x300.jpg 204w, https:\/\/www.trastevereattiva.org\/wp-content\/uploads\/2016\/11\/Progetto-AREA-VERDE-San-Cosimato_9a_Pagina_06-768x1132.jpg 768w\" sizes=\"(max-width: 695px) 100vw, 695px\" \/><\/a>\n\t\t\t<\/div><\/figure>\n\t\t<\/div>\n\n<p>La progettazione eseguita prevede l&#8217;espianto di alcuni arbusti troppo alti sul lato della chiesa (attualmente rifugio e dormitorio di persone senza fissa dimora) con riporto della superficie a vista.<br \/>\nQueste specie arbustive da sostituire saranno ricollocate in ambiti da definire.<br \/>\nLavorazione del terreno, pulizia e successivo impianto di specie vegetali costituiranno la sequenza delle lavorazioni. Le specie vegetali saranno di &#8220;taglia&#8221; bassa e media a formare un unico gruppo arbustivo che sar\u00e0 disposto centralmente lungo l&#8217;asse dell&#8217;aiuola.<br \/>\nDa questo dipartono &#8220;ali&#8221; con specie striscianti e decombenti a coprire ed ornare porzioni di muro verticale.<br \/>\nTale sistemazione \u00e8 formata da specie vegetali di tipo mediterraneo a spiccata tendenza xerofila cosi da minimizzare i bisogni di acqua.<br \/>\nL&#8217;insieme sar\u00e0 di grande respiro e bellezza con grandi masse fiorite per lunghi periodi.<\/p>\n<div id='gallery-2' class='gallery galleryid-2009 gallery-columns-2 gallery-size-large'><figure class='gallery-item'>\n\t\t\t<div class='gallery-icon landscape'>\n\t\t\t\t<a href='https:\/\/www.trastevereattiva.org\/wp-content\/uploads\/2016\/11\/Pagine-da-Progetto-Malandrino-luglio-2.jpg'><img loading=\"lazy\" decoding=\"async\" width=\"1024\" height=\"502\" src=\"https:\/\/www.trastevereattiva.org\/wp-content\/uploads\/2016\/11\/Pagine-da-Progetto-Malandrino-luglio-2-1024x502.jpg\" class=\"attachment-large size-large\" alt=\"\" srcset=\"https:\/\/www.trastevereattiva.org\/wp-content\/uploads\/2016\/11\/Pagine-da-Progetto-Malandrino-luglio-2-1024x502.jpg 1024w, https:\/\/www.trastevereattiva.org\/wp-content\/uploads\/2016\/11\/Pagine-da-Progetto-Malandrino-luglio-2-300x147.jpg 300w, https:\/\/www.trastevereattiva.org\/wp-content\/uploads\/2016\/11\/Pagine-da-Progetto-Malandrino-luglio-2-768x377.jpg 768w\" sizes=\"(max-width: 1024px) 100vw, 1024px\" \/><\/a>\n\t\t\t<\/div><\/figure><figure class='gallery-item'>\n\t\t\t<div class='gallery-icon landscape'>\n\t\t\t\t<a href='https:\/\/www.trastevereattiva.org\/wp-content\/uploads\/2016\/11\/Pagine-da-Progetto-Malandrino-luglio-2-2.jpg'><img loading=\"lazy\" decoding=\"async\" width=\"1024\" height=\"600\" src=\"https:\/\/www.trastevereattiva.org\/wp-content\/uploads\/2016\/11\/Pagine-da-Progetto-Malandrino-luglio-2-2-1024x600.jpg\" class=\"attachment-large size-large\" alt=\"\" srcset=\"https:\/\/www.trastevereattiva.org\/wp-content\/uploads\/2016\/11\/Pagine-da-Progetto-Malandrino-luglio-2-2-1024x600.jpg 1024w, https:\/\/www.trastevereattiva.org\/wp-content\/uploads\/2016\/11\/Pagine-da-Progetto-Malandrino-luglio-2-2-300x176.jpg 300w, https:\/\/www.trastevereattiva.org\/wp-content\/uploads\/2016\/11\/Pagine-da-Progetto-Malandrino-luglio-2-2-768x450.jpg 768w\" sizes=\"(max-width: 1024px) 100vw, 1024px\" \/><\/a>\n\t\t\t<\/div><\/figure>\n\t\t<\/div>\n\n<p>L&#8217;abaco delle specie vegetali illustra le scelte eseguite.<\/p>\n<div id='gallery-3' class='gallery galleryid-2009 gallery-columns-2 gallery-size-large'><figure class='gallery-item'>\n\t\t\t<div class='gallery-icon portrait'>\n\t\t\t\t<a href='https:\/\/www.trastevereattiva.org\/wp-content\/uploads\/2016\/11\/Progetto-AREA-VERDE-San-Cosimato_9a_Pagina_10.jpg'><img loading=\"lazy\" decoding=\"async\" width=\"695\" height=\"1024\" src=\"https:\/\/www.trastevereattiva.org\/wp-content\/uploads\/2016\/11\/Progetto-AREA-VERDE-San-Cosimato_9a_Pagina_10-695x1024.jpg\" class=\"attachment-large size-large\" alt=\"\" srcset=\"https:\/\/www.trastevereattiva.org\/wp-content\/uploads\/2016\/11\/Progetto-AREA-VERDE-San-Cosimato_9a_Pagina_10-695x1024.jpg 695w, https:\/\/www.trastevereattiva.org\/wp-content\/uploads\/2016\/11\/Progetto-AREA-VERDE-San-Cosimato_9a_Pagina_10-204x300.jpg 204w, https:\/\/www.trastevereattiva.org\/wp-content\/uploads\/2016\/11\/Progetto-AREA-VERDE-San-Cosimato_9a_Pagina_10-768x1132.jpg 768w\" sizes=\"(max-width: 695px) 100vw, 695px\" \/><\/a>\n\t\t\t<\/div><\/figure><figure class='gallery-item'>\n\t\t\t<div class='gallery-icon portrait'>\n\t\t\t\t<a href='https:\/\/www.trastevereattiva.org\/wp-content\/uploads\/2016\/11\/Progetto-AREA-VERDE-San-Cosimato_9a_Pagina_09.jpg'><img loading=\"lazy\" decoding=\"async\" width=\"695\" height=\"1024\" src=\"https:\/\/www.trastevereattiva.org\/wp-content\/uploads\/2016\/11\/Progetto-AREA-VERDE-San-Cosimato_9a_Pagina_09-695x1024.jpg\" class=\"attachment-large size-large\" alt=\"\" srcset=\"https:\/\/www.trastevereattiva.org\/wp-content\/uploads\/2016\/11\/Progetto-AREA-VERDE-San-Cosimato_9a_Pagina_09-695x1024.jpg 695w, https:\/\/www.trastevereattiva.org\/wp-content\/uploads\/2016\/11\/Progetto-AREA-VERDE-San-Cosimato_9a_Pagina_09-204x300.jpg 204w, https:\/\/www.trastevereattiva.org\/wp-content\/uploads\/2016\/11\/Progetto-AREA-VERDE-San-Cosimato_9a_Pagina_09-768x1132.jpg 768w\" sizes=\"(max-width: 695px) 100vw, 695px\" \/><\/a>\n\t\t\t<\/div><\/figure>\n\t\t<\/div>\n\n<p>La superficie perimetrale sar\u00e0 tendenzialmente da ricoprire con edera tappezzante che, inserita nel gruppo centrale, sar\u00e0 lasciata crescere sulla superficie.<br \/>\nIl lato esterno con alberi sar\u00e0 &#8220;riempito&#8221; con masse arbustive pi\u00f9 alte.<br \/>\nLa superficie a ridosso dell&#8217;area giochi (area attualmente &#8220;sensibile&#8221; per la presenza di bivacchi e quant&#8217;altro) sar\u00e0 parzialmente impegnata da &#8220;rocce&#8221; di tufo sparse sul terreno con frammiste specie arbustive molto rustiche (es.: Berberis spp.) con edera tappezzante nell&#8217;intorno.<br \/>\nLo scopo dei sopradescritti tipi di impianto \u00e8 quello di &#8220;riempire&#8221; senza occludere e quindi ovviare o minimizzare gli usi attualmente in atto: passeggio animali in primis.<br \/>\nIn attesa della crescita e copertura del suolo da parte delle piante, il terreno occupato dalle specie vegetali sar\u00e0 coperto da un tela permeabile a sua volta ricoperto da ghiaino spezzato di colore grigio cosi da minimizzare il lavoro di scerbatura per le infestanti.<br \/>\nIl tipo di vegetazione ed impianto previsto, necessita di minima manutenzione: una leggera potatura una\/due volte l&#8217;anno cosi come la scerbatura manuale delle specie infestanti. Non si prevedono trattamenti fitosanitari.<\/p>\n<p>In ultimo, l&#8217;impianto di illuminazione esistente. Da notizie riferite l&#8217;impianto \u00e8 funzionante (cavi dotti e collegamenti interrati) mentre sono fuori uso le lampade.<br \/>\nDue sono le possibilit\u00e0: ripristino dell&#8217;impianto con sostituzione dei corpi illuminanti oppure abbandono del sistema e sua sostituzione con lampade a energia solare. In quest&#8217;ultimo caso sar\u00e0 sostenibile l&#8217;illuminazione della sola area centrale (pi\u00f9 assolata).<br \/>\nDa scegliere la tipologia e il sistema di ancoraggio a terra che dovr\u00e0 essere a prova di vandalo.<\/p>\n<p><span style=\"color: #ff0000;\"><strong>3.2 Cura e manutenzione programmata<\/strong><\/span><\/p>\n<p>Nella politica operativa dell\u2019associazione \u00e8 di fondamentale importanza che quanto realizzatopossa essere mantenuto nel tempo.<\/p>\n<p>Verr\u00e0 costituita una squadra di <strong>&#8220;CURATORI&#8221;<\/strong> dell&#8217;area, formata da un gruppo di residenti motivati che si organizzeranno a turni per la cura dell\u2019area verde. Si identificher\u00e0 un \u2018Responsabile-Curatori\u2019 che sar\u00e0 il referente, a nome dell\u2019associazione, da contattare per qualsiasi urgenza.<\/p>\n<p>L\u2019associazione cercher\u00e0 di sensibilizzare e coinvolgere il maggior numero di persone in questa attivit\u00e0.<\/p>\n<p>L\u2019associazione ha presentato richiesta, alla Presidenza del Municipio I, di un piccolo spazio, all\u2019interno del box-AMA in piazza San Cosimato, per custodire in apposito armadietto il materiale necessario alla squadra per la pulizia e la cura dell\u2019area.<\/p>\n<p><span style=\"color: #ff0000;\"><strong>3.3 Comunicazione, formazione e informazione civica<\/strong><\/span><\/p>\n<p>La riqualificazione dell&#8217;area <strong>potr\u00e0 essere duratura<\/strong> solo se riuscir\u00e0 a coinvolgere i residenti nel sentirsi <em>&#8220;comproprietari&#8221;<\/em> di questo spazio comune:<\/p>\n<ul>\n<li>Cambiando l&#8217;abitudine ad usare questo spazio verde come fosse un&#8217;area cani<\/li>\n<li>Facendosi promotori e custodi con piccoli gesti quotidiani della bellezza che questo progetto vuole costruire<\/li>\n<li>Spendendo parole ed esempi educativi nei confronti dei concittadini meno sensibili.<\/li>\n<\/ul>\n<p>Per realizzare questi obiettivi il primo strumento \u00e8 sicuramente la nostra stessa <strong>presenza operativa sul luogo<\/strong>, avendo gi\u00e0 verificato come l&#8217;esporci in prima persona in attivit\u00e0 di pubblico e gratuito servizio non fa che richiamare attivit\u00e0 altrui di pari qualit\u00e0.<\/p>\n<p>Se \u00e8 vero che <em>&#8220;degrado-chiama-degrado&#8221;<\/em>, \u00e8 altrettanto vero che <em>&#8220;buona volont\u00e0-attiva-buona volont\u00e0&#8221;<\/em>.<\/p>\n<p>Di grande importanza sar\u00e0 anche un\u2019attenta \u00e8 modulata comunicazione sul territorio.<\/p>\n<p>Saranno prodotti:<\/p>\n<ol>\n<li>pannelli (formato cm 100 \u00d7 50) illustrativi il progetto da realizzare; completi di disegni e indicazioni delle nuove essenze arboree arbustive; saranno esposti nell&#8217;area nei giorni precedenti l&#8217;esecuzione dei lavori (vedere sezione 3.1 di questo progetto)<\/li>\n<li>locandine (formato A3 e A4) da affiggere in 21 esercizi commerciali nel rione e nelle bacheche delle scuole primarie e secondarie di zona<\/li>\n<li>apposite pagine sul sito di Trastevere Attiva per illustrare nel dettaglio il progetto e indicare le diverse modalit\u00e0 di partecipazione e sostegno<\/li>\n<li>campagna informativa sui social network<\/li>\n<li>cartello (formato A4) da esporre nell&#8217;area con indicazioni per il rispetto della stessa (non calpestare &#8211; divieto accessi cani)<\/li>\n<li>cartello (formato A3) con sintetica <em>\u201cStoria del progetto\u201d<\/em> per valorizzare gli sforzi e i contributi che gli stessi trasteverini hanno voluto offrire per riqualificare l\u2019area<\/li>\n<li>targa (formato A5) con riferimento del responsabile dell&#8217;associazione da contattare per eventuali comunicazioni urgenti riguardanti l&#8217;area<\/li>\n<li>cartellini (formato A6) con nomi e caratteristiche delle piante messe a dimora, da posizionare in prossimit\u00e0 delle stesse<\/li>\n<li>cartello (formato cm 21&#215;26) con indicazione adozione istituzionale dell\u2019area, gi\u00e0 rilasciataci dall\u2019Ufficio Adozioni del Dipartimento Tutela Ambientale.<\/li>\n<\/ol>\n<p><span style=\"color: #ff0000;\"><strong>4) COSTI<\/strong><\/span><\/p>\n<p>L&#8217;intero progetto \u00e8 totalmente a carico di Trastevere Attiva, che, nella fase di autofinanziamento, prediligger\u00e0 la massima diffusa partecipazione dei residenti.<\/p>\n<p>Siamo infatti convinti che ci si sentir\u00e0 maggiormente responsabili del Bene Comune in proporzione a quanto ognuno vi avr\u00e0 investito di proprio, con somme anche piccolissime o con il solo lavoro fattivo organizzativo.<\/p>\n<div id='gallery-4' class='gallery galleryid-2009 gallery-columns-2 gallery-size-large'><figure class='gallery-item'>\n\t\t\t<div class='gallery-icon portrait'>\n\t\t\t\t<img loading=\"lazy\" decoding=\"async\" width=\"701\" height=\"1024\" src=\"https:\/\/www.trastevereattiva.org\/wp-content\/uploads\/2016\/11\/Progetto-AREA-VERDE-costi-1_Pagina_1-701x1024.jpg\" class=\"attachment-large size-large\" alt=\"\" srcset=\"https:\/\/www.trastevereattiva.org\/wp-content\/uploads\/2016\/11\/Progetto-AREA-VERDE-costi-1_Pagina_1-701x1024.jpg 701w, https:\/\/www.trastevereattiva.org\/wp-content\/uploads\/2016\/11\/Progetto-AREA-VERDE-costi-1_Pagina_1-205x300.jpg 205w, https:\/\/www.trastevereattiva.org\/wp-content\/uploads\/2016\/11\/Progetto-AREA-VERDE-costi-1_Pagina_1-768x1122.jpg 768w\" sizes=\"(max-width: 701px) 100vw, 701px\" \/>\n\t\t\t<\/div><\/figure><figure class='gallery-item'>\n\t\t\t<div class='gallery-icon portrait'>\n\t\t\t\t<img loading=\"lazy\" decoding=\"async\" width=\"724\" height=\"1024\" src=\"https:\/\/www.trastevereattiva.org\/wp-content\/uploads\/2016\/11\/Progetto-AREA-VERDE-costi-1_Pagina_2-724x1024.jpg\" class=\"attachment-large size-large\" alt=\"\" srcset=\"https:\/\/www.trastevereattiva.org\/wp-content\/uploads\/2016\/11\/Progetto-AREA-VERDE-costi-1_Pagina_2-724x1024.jpg 724w, https:\/\/www.trastevereattiva.org\/wp-content\/uploads\/2016\/11\/Progetto-AREA-VERDE-costi-1_Pagina_2-212x300.jpg 212w, https:\/\/www.trastevereattiva.org\/wp-content\/uploads\/2016\/11\/Progetto-AREA-VERDE-costi-1_Pagina_2-768x1087.jpg 768w, https:\/\/www.trastevereattiva.org\/wp-content\/uploads\/2016\/11\/Progetto-AREA-VERDE-costi-1_Pagina_2.jpg 1645w\" sizes=\"(max-width: 724px) 100vw, 724px\" \/>\n\t\t\t<\/div><\/figure>\n\t\t<\/div>\n\n<p><span style=\"color: #ff0000;\"><strong>Puoi aiutarci effettuando una donazione<\/strong><\/span> secondo questa modalit\u00e0:<\/p>\n<ul>\n<li title=\"\" data-original-title=\"\">bonifico bancario su cc Banca Prossima \u2013 IBAN: \u00a0<strong>IT52U0335901600100000139089<\/strong>\u00a0intestato a\u00a0<strong>Trastevere Attiva<\/strong><\/li>\n<li title=\"\" data-original-title=\"\">assegno bancario <strong>non trasferibile<\/strong> intestato a Trastevere Attiva<\/li>\n<li title=\"\" data-original-title=\"\">scrivendo a\u00a0<strong><a href=\"mailto:trasteverattiva@gmail.com\">trasteverattiva@gmail.com<\/a> <\/strong>per contattarci direttamente.<strong><br \/>\n<\/strong><\/li>\n<\/ul>\n<p>&nbsp;<\/p>\n<p><span style=\"color: #ff0000;\">Vedi tutte le donazioni ricevute ad oggi cliccando qui\u00a0<\/span><strong><span style=\"color: #ff0000;\">\u00a0<a href=\"http:\/\/www.trastevereattiva.org\/index.php\/area-verde-piazza-san-cosimato-donazioni\/\"> <span style=\"text-decoration: underline; color: #0000ff;\">LE DONAZIONI<\/span><\/a><br \/>\n<\/span><\/strong><\/p>\n<p><span style=\"color: #ff6600;\"><em><strong>GRAZIE!<\/strong><\/em><\/span><\/p>\n","protected":false},"excerpt":{"rendered":"<p>1) PREMESSA Il presente progetto di riqualificazione fa seguito alla adozione dell&#8217;area in oggetto effettuata presso il Dipartimento Tutela Ambientale come da prot. n\u00b0 33391 del 14 giugno 2016. 2) LA SITUAZIONE ATTUALE L&#8217;area verde \u00e8 da molti anni in stato di abbandono, con un impianti luci e irrigazioni danneggiati e completamente in disuso. E\u201f [&hellip;]<\/p>\n","protected":false},"author":1,"featured_media":0,"parent":0,"menu_order":0,"comment_status":"closed","ping_status":"closed","template":"fullwidth.php","meta":{"footnotes":""},"_links":{"self":[{"href":"https:\/\/www.trastevereattiva.org\/index.php\/wp-json\/wp\/v2\/pages\/2009"}],"collection":[{"href":"https:\/\/www.trastevereattiva.org\/index.php\/wp-json\/wp\/v2\/pages"}],"about":[{"href":"https:\/\/www.trastevereattiva.org\/index.php\/wp-json\/wp\/v2\/types\/page"}],"author":[{"embeddable":true,"href":"https:\/\/www.trastevereattiva.org\/index.php\/wp-json\/wp\/v2\/users\/1"}],"replies":[{"embeddable":true,"href":"https:\/\/www.trastevereattiva.org\/index.php\/wp-json\/wp\/v2\/comments?post=2009"}],"version-history":[{"count":27,"href":"https:\/\/www.trastevereattiva.org\/index.php\/wp-json\/wp\/v2\/pages\/2009\/revisions"}],"predecessor-version":[{"id":2165,"href":"https:\/\/www.trastevereattiva.org\/index.php\/wp-json\/wp\/v2\/pages\/2009\/revisions\/2165"}],"wp:attachment":[{"href":"https:\/\/www.trastevereattiva.org\/index.php\/wp-json\/wp\/v2\/media?parent=2009"}],"curies":[{"name":"wp","href":"https:\/\/api.w.org\/{rel}","templated":true}]}}