{"id":4120,"date":"2021-03-06T18:34:07","date_gmt":"2021-03-06T17:34:07","guid":{"rendered":"http:\/\/www.trastevereattiva.org\/?page_id=4120"},"modified":"2021-03-06T18:34:07","modified_gmt":"2021-03-06T17:34:07","slug":"la-mia-via-e-casa-mia-area-giochi-piazza-san-cosimato-e-via-morosini","status":"publish","type":"page","link":"https:\/\/www.trastevereattiva.org\/index.php\/la-mia-via-e-casa-mia-area-giochi-piazza-san-cosimato-e-via-morosini\/","title":{"rendered":"La mia via \u00e8 casa mia &#8211; Area giochi piazza San Cosimato e via Morosini"},"content":{"rendered":"<div class=\"\" dir=\"auto\">\n<div id=\"jsc_c_13\" class=\"ecm0bbzt hv4rvrfc ihqw7lf3 dati1w0a\" data-ad-comet-preview=\"message\" data-ad-preview=\"message\">\n<div class=\"j83agx80 cbu4d94t ew0dbk1b irj2b8pg\">\n<div class=\"qzhwtbm6 knvmm38d\">\n<div class=\"kvgmc6g5 cxmmr5t8 oygrvhab hcukyx3x c1et5uql ii04i59q\">\n<div dir=\"auto\">Se anche solo un bambino sar\u00e0 tornato padrone del proprio spazio&#8230;<\/div>\n<div dir=\"auto\">se anche solo un angolo del quartiere sar\u00e0 strappato al degrado&#8230;<\/div>\n<div dir=\"auto\">non importa per quanto tempo durer\u00e0: noi saremo contenti e <span style=\"color: #ff0000;\"><strong>CONTINUEREMO<\/strong><\/span> nelle nostre attivit\u00e0.<\/div>\n<div dir=\"auto\"><strong><span style=\"color: #ff0000;\">GRAZIE<\/span><\/strong> ai volontari di Trastevere Attiva e a chi ci ha sostenuto regalandoci le vernici.<\/div>\n<div dir=\"auto\">\n<div id='gallery-1' class='gallery galleryid-4120 gallery-columns-2 gallery-size-large'><figure class='gallery-item'>\n\t\t\t<div class='gallery-icon landscape'>\n\t\t\t\t<img loading=\"lazy\" decoding=\"async\" width=\"1024\" height=\"768\" src=\"https:\/\/www.trastevereattiva.org\/wp-content\/uploads\/2021\/03\/1-attivita-decoro-mar2021-1024x768.jpeg\" class=\"attachment-large size-large\" alt=\"\" srcset=\"https:\/\/www.trastevereattiva.org\/wp-content\/uploads\/2021\/03\/1-attivita-decoro-mar2021-1024x768.jpeg 1024w, https:\/\/www.trastevereattiva.org\/wp-content\/uploads\/2021\/03\/1-attivita-decoro-mar2021-300x225.jpeg 300w, https:\/\/www.trastevereattiva.org\/wp-content\/uploads\/2021\/03\/1-attivita-decoro-mar2021-768x576.jpeg 768w\" sizes=\"(max-width: 1024px) 100vw, 1024px\" \/>\n\t\t\t<\/div><\/figure><figure class='gallery-item'>\n\t\t\t<div class='gallery-icon portrait'>\n\t\t\t\t<img loading=\"lazy\" decoding=\"async\" width=\"710\" height=\"1024\" src=\"https:\/\/www.trastevereattiva.org\/wp-content\/uploads\/2021\/03\/2-attivita-decoro-mar2021-710x1024.jpg\" class=\"attachment-large size-large\" alt=\"\" srcset=\"https:\/\/www.trastevereattiva.org\/wp-content\/uploads\/2021\/03\/2-attivita-decoro-mar2021-710x1024.jpg 710w, https:\/\/www.trastevereattiva.org\/wp-content\/uploads\/2021\/03\/2-attivita-decoro-mar2021-208x300.jpg 208w, https:\/\/www.trastevereattiva.org\/wp-content\/uploads\/2021\/03\/2-attivita-decoro-mar2021-768x1108.jpg 768w, https:\/\/www.trastevereattiva.org\/wp-content\/uploads\/2021\/03\/2-attivita-decoro-mar2021.jpg 1017w\" sizes=\"(max-width: 710px) 100vw, 710px\" \/>\n\t\t\t<\/div><\/figure><figure class='gallery-item'>\n\t\t\t<div class='gallery-icon landscape'>\n\t\t\t\t<img loading=\"lazy\" decoding=\"async\" width=\"1024\" height=\"768\" src=\"https:\/\/www.trastevereattiva.org\/wp-content\/uploads\/2021\/03\/3-attivita-decoro-mar2021-1024x768.jpeg\" class=\"attachment-large size-large\" alt=\"\" srcset=\"https:\/\/www.trastevereattiva.org\/wp-content\/uploads\/2021\/03\/3-attivita-decoro-mar2021-1024x768.jpeg 1024w, https:\/\/www.trastevereattiva.org\/wp-content\/uploads\/2021\/03\/3-attivita-decoro-mar2021-300x225.jpeg 300w, https:\/\/www.trastevereattiva.org\/wp-content\/uploads\/2021\/03\/3-attivita-decoro-mar2021-768x576.jpeg 768w\" sizes=\"(max-width: 1024px) 100vw, 1024px\" \/>\n\t\t\t<\/div><\/figure><figure class='gallery-item'>\n\t\t\t<div class='gallery-icon landscape'>\n\t\t\t\t<img loading=\"lazy\" decoding=\"async\" width=\"1024\" height=\"768\" src=\"https:\/\/www.trastevereattiva.org\/wp-content\/uploads\/2021\/03\/4-attivita-decoro-mar2021-1024x768.jpeg\" class=\"attachment-large size-large\" alt=\"\" srcset=\"https:\/\/www.trastevereattiva.org\/wp-content\/uploads\/2021\/03\/4-attivita-decoro-mar2021-1024x768.jpeg 1024w, https:\/\/www.trastevereattiva.org\/wp-content\/uploads\/2021\/03\/4-attivita-decoro-mar2021-300x225.jpeg 300w, https:\/\/www.trastevereattiva.org\/wp-content\/uploads\/2021\/03\/4-attivita-decoro-mar2021-768x576.jpeg 768w\" sizes=\"(max-width: 1024px) 100vw, 1024px\" \/>\n\t\t\t<\/div><\/figure><figure class='gallery-item'>\n\t\t\t<div class='gallery-icon landscape'>\n\t\t\t\t<img loading=\"lazy\" decoding=\"async\" width=\"1024\" height=\"768\" src=\"https:\/\/www.trastevereattiva.org\/wp-content\/uploads\/2021\/03\/5-attivita-decoro-mar2021-1024x768.jpeg\" class=\"attachment-large size-large\" alt=\"\" srcset=\"https:\/\/www.trastevereattiva.org\/wp-content\/uploads\/2021\/03\/5-attivita-decoro-mar2021-1024x768.jpeg 1024w, https:\/\/www.trastevereattiva.org\/wp-content\/uploads\/2021\/03\/5-attivita-decoro-mar2021-300x225.jpeg 300w, https:\/\/www.trastevereattiva.org\/wp-content\/uploads\/2021\/03\/5-attivita-decoro-mar2021-768x576.jpeg 768w\" sizes=\"(max-width: 1024px) 100vw, 1024px\" \/>\n\t\t\t<\/div><\/figure><figure class='gallery-item'>\n\t\t\t<div class='gallery-icon portrait'>\n\t\t\t\t<img loading=\"lazy\" decoding=\"async\" width=\"710\" height=\"1024\" src=\"https:\/\/www.trastevereattiva.org\/wp-content\/uploads\/2021\/03\/6-attivita-decoro-mar2021-710x1024.jpg\" class=\"attachment-large size-large\" alt=\"\" srcset=\"https:\/\/www.trastevereattiva.org\/wp-content\/uploads\/2021\/03\/6-attivita-decoro-mar2021-710x1024.jpg 710w, https:\/\/www.trastevereattiva.org\/wp-content\/uploads\/2021\/03\/6-attivita-decoro-mar2021-208x300.jpg 208w, https:\/\/www.trastevereattiva.org\/wp-content\/uploads\/2021\/03\/6-attivita-decoro-mar2021-768x1108.jpg 768w, https:\/\/www.trastevereattiva.org\/wp-content\/uploads\/2021\/03\/6-attivita-decoro-mar2021.jpg 1017w\" sizes=\"(max-width: 710px) 100vw, 710px\" \/>\n\t\t\t<\/div><\/figure>\n\t\t<\/div>\n\n<\/div>\n<\/div>\n<\/div>\n<\/div>\n<\/div>\n<\/div>\n","protected":false},"excerpt":{"rendered":"<p>Se anche solo un bambino sar\u00e0 tornato padrone del proprio spazio&#8230; se anche solo un angolo del quartiere sar\u00e0 strappato al degrado&#8230; non importa per quanto tempo durer\u00e0: noi saremo contenti e CONTINUEREMO nelle nostre attivit\u00e0. GRAZIE ai volontari di Trastevere Attiva e a chi ci ha sostenuto regalandoci le vernici.<\/p>\n","protected":false},"author":1,"featured_media":0,"parent":0,"menu_order":0,"comment_status":"closed","ping_status":"closed","template":"fullwidth.php","meta":{"footnotes":""},"_links":{"self":[{"href":"https:\/\/www.trastevereattiva.org\/index.php\/wp-json\/wp\/v2\/pages\/4120"}],"collection":[{"href":"https:\/\/www.trastevereattiva.org\/index.php\/wp-json\/wp\/v2\/pages"}],"about":[{"href":"https:\/\/www.trastevereattiva.org\/index.php\/wp-json\/wp\/v2\/types\/page"}],"author":[{"embeddable":true,"href":"https:\/\/www.trastevereattiva.org\/index.php\/wp-json\/wp\/v2\/users\/1"}],"replies":[{"embeddable":true,"href":"https:\/\/www.trastevereattiva.org\/index.php\/wp-json\/wp\/v2\/comments?post=4120"}],"version-history":[{"count":1,"href":"https:\/\/www.trastevereattiva.org\/index.php\/wp-json\/wp\/v2\/pages\/4120\/revisions"}],"predecessor-version":[{"id":4127,"href":"https:\/\/www.trastevereattiva.org\/index.php\/wp-json\/wp\/v2\/pages\/4120\/revisions\/4127"}],"wp:attachment":[{"href":"https:\/\/www.trastevereattiva.org\/index.php\/wp-json\/wp\/v2\/media?parent=4120"}],"curies":[{"name":"wp","href":"https:\/\/api.w.org\/{rel}","templated":true}]}}